{"id":320,"date":"2016-01-08T10:40:02","date_gmt":"2016-01-08T09:40:02","guid":{"rendered":"https:\/\/www.la-yacht.de\/?page_id=320"},"modified":"2025-01-07T09:04:12","modified_gmt":"2025-01-07T08:04:12","slug":"segelyacht-la-35","status":"publish","type":"page","link":"https:\/\/www.la-yacht.de\/en\/sailing-yachts\/sailing-yacht-la-35\/","title":{"rendered":"Sailing yacht LA 35"},"content":{"rendered":"<div id='full_slider_1'  class='avia-fullwidth-slider main_color avia-shadow   avia-builder-el-0  el_before_av_one_half  avia-builder-el-first   container_wrap fullsize'  ><div   data-size='no scaling'  data-lightbox_size='large'  data-animation='slide'  data-conditional_play=''  data-ids='600'  data-video_counter='0'  data-autoplay='false'  data-bg_slider='false'  data-slide_height=''  data-handle='av_slideshow_full'  data-interval='5'  data-class=' '  data-el_id=''  data-css_id=''  data-scroll_down=''  data-control_layout='av-control-default'  data-custom_markup=''  data-perma_caption=''  data-autoplay_stopper=''  data-image_attachment=''  data-min_height='0px'  data-lazy_loading='disabled'  data-src=''  data-position='top left'  data-repeat='no-repeat'  data-attach='scroll'  data-stretch=''  class='avia-slideshow avia-slideshow-1  av-control-default av-default-height-applied avia-slideshow-no scaling av_slideshow_full   avia-slide-slider'  itemprop=\"image\" itemscope=\"itemscope\" itemtype=\"https:\/\/schema.org\/ImageObject\" ><ul class='avia-slideshow-inner' style='padding-bottom: 42%;' ><li  class='av-single-slide slide-1' ><div data-rel='slideshow-1' class='avia-slide-wrap'   ><img decoding=\"async\" class=\"wp-image-600 avia-img-lazy-loading-not-600\"  src=\"https:\/\/www.la-yacht.de\/wp-content\/uploads\/2016\/01\/LA35_01-1.png\" width=\"4500\" height=\"1890\" title='LA 35 Plan' alt=''  itemprop=\"thumbnailUrl\" srcset=\"https:\/\/www.la-yacht.de\/wp-content\/uploads\/2016\/01\/LA35_01-1.png 4500w, https:\/\/www.la-yacht.de\/wp-content\/uploads\/2016\/01\/LA35_01-1-300x126.png 300w, https:\/\/www.la-yacht.de\/wp-content\/uploads\/2016\/01\/LA35_01-1-768x323.png 768w, https:\/\/www.la-yacht.de\/wp-content\/uploads\/2016\/01\/LA35_01-1-1030x433.png 1030w, https:\/\/www.la-yacht.de\/wp-content\/uploads\/2016\/01\/LA35_01-1-1500x630.png 1500w, https:\/\/www.la-yacht.de\/wp-content\/uploads\/2016\/01\/LA35_01-1-705x296.png 705w, https:\/\/www.la-yacht.de\/wp-content\/uploads\/2016\/01\/LA35_01-1-450x189.png 450w, https:\/\/www.la-yacht.de\/wp-content\/uploads\/2016\/01\/LA35_01-1-600x252.png 600w, https:\/\/www.la-yacht.de\/wp-content\/uploads\/2016\/01\/LA35_01-1-280x118.png 280w\" sizes=\"(max-width: 4500px) 100vw, 4500px\" \/><\/div><\/li><\/ul><\/div><\/div><div id='after_full_slider_1'  class='main_color av_default_container_wrap container_wrap fullsize'  ><div class='container av-section-cont-open' ><div class='template-page content  av-content-full alpha units'><div class='post-entry post-entry-type-page post-entry-320'><div class='entry-content-wrapper clearfix'>\n\n<style type=\"text\/css\" data-created_by=\"avia_inline_auto\" id=\"style-css-av-av_one_half-f255cbfd39cf900551ec1218f6600fb0\">\n.flex_column.av-av_one_half-f255cbfd39cf900551ec1218f6600fb0{\nborder-radius:0px 0px 0px 0px;\n-webkit-border-radius:0px 0px 0px 0px;\n-moz-border-radius:0px 0px 0px 0px;\n}\n<\/style>\n<div class='flex_column av-av_one_half-f255cbfd39cf900551ec1218f6600fb0 av_one_half  avia-builder-el-1  el_after_av_slideshow_full  el_before_av_one_half  avia-builder-el-first  first flex_column_div  av-animated-generic fade-in av-zero-column-padding'   ><p>\n<style type=\"text\/css\" data-created_by=\"avia_inline_auto\" id=\"style-css-av-av_image-1136a6b050b24363632bcbb11db46bec\">\n.avia-image-container.av-av_image-1136a6b050b24363632bcbb11db46bec .av-image-caption-overlay-center{\ncolor:#ffffff;\n}\n<\/style>\n<div  class='avia-image-container av-av_image-1136a6b050b24363632bcbb11db46bec av-styling- avia-align-left  avia-builder-el-2  el_before_av_hr  avia-builder-el-first'  itemprop=\"image\" itemscope=\"itemscope\" itemtype=\"https:\/\/schema.org\/ImageObject\" ><div class=\"avia-image-container-inner\"><div class=\"avia-image-overlay-wrap\"><img decoding=\"async\" class='wp-image-630 avia-img-lazy-loading-not-630 avia_image' src=\"https:\/\/www.la-yacht.de\/wp-content\/uploads\/2016\/02\/LA-35.png\" alt='' title='LA-35'  height=\"50\" width=\"138\"  itemprop=\"thumbnailUrl\"  \/><\/div><\/div><\/div><br \/>\n\n<style type=\"text\/css\" data-created_by=\"avia_inline_auto\" id=\"style-css-av-av_hr-78ec26b004535f95b26085cbb1d9b6be\">\n#top .hr.hr-invisible.av-av_hr-78ec26b004535f95b26085cbb1d9b6be{\nheight:5px;\n}\n<\/style>\n<div  class='hr av-av_hr-78ec26b004535f95b26085cbb1d9b6be hr-invisible  avia-builder-el-3  el_after_av_image  el_before_av_textblock'><span class='hr-inner'><span class=\"hr-inner-style\"><\/span><\/span><\/div><br \/>\n<section class=\"av_textblock_section\"  itemscope=\"itemscope\" itemtype=\"https:\/\/schema.org\/CreativeWork\" ><div class='avia_textblock'  style='font-size:13px; '  itemprop=\"text\" ><p><strong>... classic, modern day sailor with fixed or retractable keel<\/strong><\/p>\n<\/div><\/section><br \/>\n\n<style type=\"text\/css\" data-created_by=\"avia_inline_auto\" id=\"style-css-av-av_hr-78ec26b004535f95b26085cbb1d9b6be\">\n#top .hr.hr-invisible.av-av_hr-78ec26b004535f95b26085cbb1d9b6be{\nheight:5px;\n}\n<\/style>\n<div  class='hr av-av_hr-78ec26b004535f95b26085cbb1d9b6be hr-invisible  avia-builder-el-5  el_after_av_textblock  el_before_av_gallery'><span class='hr-inner'><span class=\"hr-inner-style\"><\/span><\/span><\/div><br \/>\n\n<style type=\"text\/css\" data-created_by=\"avia_inline_auto\" id=\"style-css-av-av_gallery-3dd50195555bec3780a7292eca34a5ae\">\n#top .avia-gallery.av-av_gallery-3dd50195555bec3780a7292eca34a5ae .avia-gallery-thumb a{\nwidth:33.3333%;\n}\n<\/style>\n<div  class='avia-gallery av-av_gallery-3dd50195555bec3780a7292eca34a5ae avia_animate_when_visible  avia-builder-el-6  el_after_av_hr  el_before_av_hr  avia_lazyload avia-gallery-animate  avia-gallery-1'  itemprop=\"image\" itemscope=\"itemscope\" itemtype=\"https:\/\/schema.org\/ImageObject\" ><a class='avia-gallery-big fakeLightbox lightbox avia-gallery-big-crop-thumb' href=\"https:\/\/www.la-yacht.de\/wp-content\/uploads\/2016\/01\/LA35-Segel-1024x1024.jpg\" data-srcset=\"https:\/\/www.la-yacht.de\/wp-content\/uploads\/2016\/01\/LA35-Segel-1024x1024.jpg 1024w, https:\/\/www.la-yacht.de\/wp-content\/uploads\/2016\/01\/LA35-Segel-150x150.jpg 150w, https:\/\/www.la-yacht.de\/wp-content\/uploads\/2016\/01\/LA35-Segel-300x300.jpg 300w, https:\/\/www.la-yacht.de\/wp-content\/uploads\/2016\/01\/LA35-Segel-600x600.jpg 600w, https:\/\/www.la-yacht.de\/wp-content\/uploads\/2016\/01\/LA35-Segel-160x160.jpg 160w, https:\/\/www.la-yacht.de\/wp-content\/uploads\/2016\/01\/LA35-Segel.jpg 2000w\" data-sizes=\"(max-width: 1024px) 100vw, 1024px\"  data-onclick='1' title='LA 35 Segelplan' ><span class='avia-gallery-big-inner'  itemprop=\"thumbnailUrl\" ><img decoding=\"async\" class=\"wp-image-319 avia-img-lazy-loading-not-319\"  width=\"2000\" height=\"2000\" src=\"https:\/\/www.la-yacht.de\/wp-content\/uploads\/2016\/01\/LA35-Segel.jpg\" title='LA 35 Segelplan' alt='LA 35 Segelplan' srcset=\"https:\/\/www.la-yacht.de\/wp-content\/uploads\/2016\/01\/LA35-Segel.jpg 2000w, https:\/\/www.la-yacht.de\/wp-content\/uploads\/2016\/01\/LA35-Segel-150x150.jpg 150w, https:\/\/www.la-yacht.de\/wp-content\/uploads\/2016\/01\/LA35-Segel-300x300.jpg 300w, https:\/\/www.la-yacht.de\/wp-content\/uploads\/2016\/01\/LA35-Segel-1024x1024.jpg 1024w, https:\/\/www.la-yacht.de\/wp-content\/uploads\/2016\/01\/LA35-Segel-600x600.jpg 600w, https:\/\/www.la-yacht.de\/wp-content\/uploads\/2016\/01\/LA35-Segel-160x160.jpg 160w\" sizes=\"(max-width: 2000px) 100vw, 2000px\" \/><\/span><\/a><div class='avia-gallery-thumb'> <a href=\"https:\/\/www.la-yacht.de\/wp-content\/uploads\/2016\/01\/LA35-Segel-1024x1024.jpg\" data-srcset=\"https:\/\/www.la-yacht.de\/wp-content\/uploads\/2016\/01\/LA35-Segel-1024x1024.jpg 1024w, https:\/\/www.la-yacht.de\/wp-content\/uploads\/2016\/01\/LA35-Segel-150x150.jpg 150w, https:\/\/www.la-yacht.de\/wp-content\/uploads\/2016\/01\/LA35-Segel-300x300.jpg 300w, https:\/\/www.la-yacht.de\/wp-content\/uploads\/2016\/01\/LA35-Segel-600x600.jpg 600w, https:\/\/www.la-yacht.de\/wp-content\/uploads\/2016\/01\/LA35-Segel-160x160.jpg 160w, https:\/\/www.la-yacht.de\/wp-content\/uploads\/2016\/01\/LA35-Segel.jpg 2000w\" data-sizes=\"(max-width: 1024px) 100vw, 1024px\" data-rel='gallery-1' data-prev-img='https:\/\/www.la-yacht.de\/wp-content\/uploads\/2016\/01\/LA35-Segel.jpg' class='first_thumb lightbox' data-onclick='1' title='LA 35 Segelplan'  itemprop=\"thumbnailUrl\"  ><img decoding=\"async\" class=\"wp-image-319 avia-img-lazy-loading-not-319\"   src=\"https:\/\/www.la-yacht.de\/wp-content\/uploads\/2016\/01\/LA35-Segel.jpg\" width=\"180\" height=\"180\"  title='LA 35 Segelplan' alt='LA 35 Segelplan' srcset=\"https:\/\/www.la-yacht.de\/wp-content\/uploads\/2016\/01\/LA35-Segel.jpg 2000w, https:\/\/www.la-yacht.de\/wp-content\/uploads\/2016\/01\/LA35-Segel-150x150.jpg 150w, https:\/\/www.la-yacht.de\/wp-content\/uploads\/2016\/01\/LA35-Segel-300x300.jpg 300w, https:\/\/www.la-yacht.de\/wp-content\/uploads\/2016\/01\/LA35-Segel-1024x1024.jpg 1024w, https:\/\/www.la-yacht.de\/wp-content\/uploads\/2016\/01\/LA35-Segel-600x600.jpg 600w, https:\/\/www.la-yacht.de\/wp-content\/uploads\/2016\/01\/LA35-Segel-160x160.jpg 160w\" sizes=\"(max-width: 180px) 100vw, 180px\" \/><\/a> <a href=\"https:\/\/www.la-yacht.de\/wp-content\/uploads\/2016\/01\/LA35-Rumpf-Deck-1024x1024.jpg\" data-srcset=\"https:\/\/www.la-yacht.de\/wp-content\/uploads\/2016\/01\/LA35-Rumpf-Deck-1024x1024.jpg 1024w, https:\/\/www.la-yacht.de\/wp-content\/uploads\/2016\/01\/LA35-Rumpf-Deck-150x150.jpg 150w, https:\/\/www.la-yacht.de\/wp-content\/uploads\/2016\/01\/LA35-Rumpf-Deck-300x300.jpg 300w, https:\/\/www.la-yacht.de\/wp-content\/uploads\/2016\/01\/LA35-Rumpf-Deck-600x600.jpg 600w, https:\/\/www.la-yacht.de\/wp-content\/uploads\/2016\/01\/LA35-Rumpf-Deck-160x160.jpg 160w, https:\/\/www.la-yacht.de\/wp-content\/uploads\/2016\/01\/LA35-Rumpf-Deck.jpg 2000w\" data-sizes=\"(max-width: 1024px) 100vw, 1024px\" data-rel='gallery-1' data-prev-img='https:\/\/www.la-yacht.de\/wp-content\/uploads\/2016\/01\/LA35-Rumpf-Deck.jpg' class='lightbox' data-onclick='2' title='LA 35 Rumpf und Deck'  itemprop=\"thumbnailUrl\"  ><img decoding=\"async\" class=\"wp-image-318 avia-img-lazy-loading-not-318\"   src=\"https:\/\/www.la-yacht.de\/wp-content\/uploads\/2016\/01\/LA35-Rumpf-Deck.jpg\" width=\"180\" height=\"180\"  title='LA 35 Rumpf und Deck' alt='LA 35 Rumpf und Deck' srcset=\"https:\/\/www.la-yacht.de\/wp-content\/uploads\/2016\/01\/LA35-Rumpf-Deck.jpg 2000w, https:\/\/www.la-yacht.de\/wp-content\/uploads\/2016\/01\/LA35-Rumpf-Deck-150x150.jpg 150w, https:\/\/www.la-yacht.de\/wp-content\/uploads\/2016\/01\/LA35-Rumpf-Deck-300x300.jpg 300w, https:\/\/www.la-yacht.de\/wp-content\/uploads\/2016\/01\/LA35-Rumpf-Deck-1024x1024.jpg 1024w, https:\/\/www.la-yacht.de\/wp-content\/uploads\/2016\/01\/LA35-Rumpf-Deck-600x600.jpg 600w, https:\/\/www.la-yacht.de\/wp-content\/uploads\/2016\/01\/LA35-Rumpf-Deck-160x160.jpg 160w\" sizes=\"(max-width: 180px) 100vw, 180px\" \/><\/a> <a href=\"https:\/\/www.la-yacht.de\/wp-content\/uploads\/2016\/01\/LA35-General-1024x1024.jpg\" data-srcset=\"https:\/\/www.la-yacht.de\/wp-content\/uploads\/2016\/01\/LA35-General-1024x1024.jpg 1024w, https:\/\/www.la-yacht.de\/wp-content\/uploads\/2016\/01\/LA35-General-150x150.jpg 150w, https:\/\/www.la-yacht.de\/wp-content\/uploads\/2016\/01\/LA35-General-300x300.jpg 300w, https:\/\/www.la-yacht.de\/wp-content\/uploads\/2016\/01\/LA35-General-600x600.jpg 600w, https:\/\/www.la-yacht.de\/wp-content\/uploads\/2016\/01\/LA35-General-160x160.jpg 160w, https:\/\/www.la-yacht.de\/wp-content\/uploads\/2016\/01\/LA35-General.jpg 2000w\" data-sizes=\"(max-width: 1024px) 100vw, 1024px\" data-rel='gallery-1' data-prev-img='https:\/\/www.la-yacht.de\/wp-content\/uploads\/2016\/01\/LA35-General.jpg' class='lightbox' data-onclick='3' title='LA 35 \u00dcbersicht'  itemprop=\"thumbnailUrl\"  ><img decoding=\"async\" class=\"wp-image-317 avia-img-lazy-loading-not-317\"   src=\"https:\/\/www.la-yacht.de\/wp-content\/uploads\/2016\/01\/LA35-General.jpg\" width=\"180\" height=\"180\"  title='LA 35 \u00dcbersicht' alt='LA 35 \u00dcbersicht' srcset=\"https:\/\/www.la-yacht.de\/wp-content\/uploads\/2016\/01\/LA35-General.jpg 2000w, https:\/\/www.la-yacht.de\/wp-content\/uploads\/2016\/01\/LA35-General-150x150.jpg 150w, https:\/\/www.la-yacht.de\/wp-content\/uploads\/2016\/01\/LA35-General-300x300.jpg 300w, https:\/\/www.la-yacht.de\/wp-content\/uploads\/2016\/01\/LA35-General-1024x1024.jpg 1024w, https:\/\/www.la-yacht.de\/wp-content\/uploads\/2016\/01\/LA35-General-600x600.jpg 600w, https:\/\/www.la-yacht.de\/wp-content\/uploads\/2016\/01\/LA35-General-160x160.jpg 160w\" sizes=\"(max-width: 180px) 100vw, 180px\" \/><\/a><\/div><\/div><br \/>\n\n<style type=\"text\/css\" data-created_by=\"avia_inline_auto\" id=\"style-css-av-av_hr-0688d0b0b6ed2f8b057db7a8270206df\">\n#top .hr.hr-invisible.av-av_hr-0688d0b0b6ed2f8b057db7a8270206df{\nheight:50px;\n}\n<\/style>\n<div  class='hr av-av_hr-0688d0b0b6ed2f8b057db7a8270206df hr-invisible  avia-builder-el-7  el_after_av_gallery  el_before_av_content_slider'><span class='hr-inner'><span class=\"hr-inner-style\"><\/span><\/span><\/div><br \/>\n<\/p><\/div>\n\n<style type=\"text\/css\" data-created_by=\"avia_inline_auto\" id=\"style-css-av-av_one_half-7b04668b4dc86f47e32fc0fa09784324\">\n.flex_column.av-av_one_half-7b04668b4dc86f47e32fc0fa09784324{\nborder-radius:0px 0px 0px 0px;\n-webkit-border-radius:0px 0px 0px 0px;\n-moz-border-radius:0px 0px 0px 0px;\n}\n<\/style>\n<div class='flex_column av-av_one_half-7b04668b4dc86f47e32fc0fa09784324 av_one_half  avia-builder-el-9  el_after_av_one_half  avia-builder-el-last  flex_column_div  av-animated-generic fade-in av-zero-column-padding'   ><p>\n<style type=\"text\/css\" data-created_by=\"avia_inline_auto\" id=\"style-css-av-av_hr-5ea7596238ed9f191e6b5e662093052f\">\n#top .hr.hr-invisible.av-av_hr-5ea7596238ed9f191e6b5e662093052f{\nheight:30px;\n}\n<\/style>\n<div  class='hr av-av_hr-5ea7596238ed9f191e6b5e662093052f hr-invisible  avia-builder-el-10  el_before_av_tab_container  avia-builder-el-first'><span class='hr-inner'><span class=\"hr-inner-style\"><\/span><\/span><\/div><br \/>\n<div  class=\"tabcontainer   top_tab   avia-builder-el-11  el_after_av_hr  avia-builder-el-last\" role=\"tablist\">\n\n<section class=\"av_tab_section\"  itemscope=\"itemscope\" itemtype=\"https:\/\/schema.org\/CreativeWork\" ><div aria-controls=\"tab-id-1-content\" role=\"tab\" tabindex=\"0\" data-fake-id=\"#tab-id-1\" class=\"tab active_tab\"  itemprop=\"headline\" >TECHNICAL SPECIFICATION<\/div>\n<div id=\"tab-id-1-content\" class=\"tab_content active_tab_content\" aria-hidden=\"false\">\n<div class=\"tab_inner_content invers-color\"  itemprop=\"text\" >\n<table class=\"shipdpdata\">\n<tbody>\n<tr>\n<td>LHULL<\/td>\n<td>10,80 m<\/td>\n<\/tr>\n<tr>\n<td>LWL<\/td>\n<td>10,00 m<\/td>\n<\/tr>\n<tr>\n<td>BEAM<\/td>\n<td>2,95 m<\/td>\n<\/tr>\n<tr>\n<td>DRAFT<\/td>\n<td>2,10 m<\/td>\n<\/tr>\n<tr>\n<td>DISPL<\/td>\n<td>2,8\u00a0t<\/td>\n<\/tr>\n<tr>\n<td>SAILS<\/td>\n<td>MAIN 39,0 qm \/ JIB 23,0 qm<\/p>\n<p>CODE 0 60 qm \/ GENNAKER 105 qm<\/td>\n<\/tr>\n<tr>\n<td>HULL<\/td>\n<td>cold molded wood<\/td>\n<\/tr>\n<tr>\n<td>RUDDER<\/td>\n<td>single or twin ruders (Jefa)<\/td>\n<\/tr>\n<tr>\n<td>BALLAST<\/td>\n<td>\u00a01,2 t<\/td>\n<\/tr>\n<tr>\n<td>MAST\/BOOM<\/td>\n<td>Carbon<\/td>\n<\/tr>\n<tr>\n<td>RIGGING<\/td>\n<td>Dyform \/ opt. Rod \/ opt. textile rigging<\/td>\n<\/tr>\n<tr>\n<td>FURLERS<\/td>\n<td>Bartels under deck<\/td>\n<\/tr>\n<tr>\n<td>WINCHES<\/td>\n<td>Harken Performa<\/td>\n<\/tr>\n<tr>\n<td>DECK HARDWARE<\/td>\n<td>Harken<\/td>\n<\/tr>\n<tr>\n<td>STEERING<\/td>\n<td>Jefa<\/td>\n<\/tr>\n<tr>\n<td>ENGINE<\/td>\n<td>opt. 4,0 kW\u00a0electric<\/td>\n<\/tr>\n<tr>\n<td>BOW SPRIT<\/td>\n<td>opt. retractable carbon<\/td>\n<\/tr>\n<tr>\n<td>ELECTRICAL<\/td>\n<td>opt. 180 Ah<\/td>\n<\/tr>\n<tr>\n<td>WATER<\/td>\n<td>opt. 80 l<\/td>\n<\/tr>\n<tr>\n<td>DESIGN<\/td>\n<td>Martin Menzner Berckemeyer Yacht Design<\/td>\n<\/tr>\n<\/tbody>\n<\/table>\n\n<\/div>\n<\/div>\n<\/section>\n\n<section class=\"av_tab_section\"  itemscope=\"itemscope\" itemtype=\"https:\/\/schema.org\/CreativeWork\" ><div aria-controls=\"tab-id-2-content\" role=\"tab\" tabindex=\"0\" data-fake-id=\"#tab-id-2\" class=\"tab\"  itemprop=\"headline\" >DESCRIPTION<\/div>\n<div id=\"tab-id-2-content\" class=\"tab_content\" aria-hidden=\"true\">\n<div class=\"tab_inner_content invers-color\"  itemprop=\"text\" >\n<p><strong>Hull and Deck<\/strong><\/p>\n<p>Rumpf und Deck werden komplett in formverleimtem Holz und mit moderner Vakuumtechnik gefertigt. Die Innenlagen sind aus Zeder bzw. Sipo. Das Au\u00dfenfurnier wird aus ausgew\u00e4hltem Khaya hergestellt. Die obere Deckslage ist ein Teakstabdeck. F\u00fcr die Verleimung der Furniere wird hochwertiges EP-Harz verwendet.<\/p>\n<p><strong>Keel and Rudder<\/strong><br \/>\nT-Kiel aus Carbon Finne mit Bleibombe als Festkiel oder Hubkiel (2,10 auf 1,20 m, Ballast 1,2 t). Ruder vorbalanciert an kugelgelagerter Welle mit Pinnensteuerung.<\/p>\n<p><strong>Rig and Sails<\/strong><br \/>\nMast und Gro\u00dfbaum in Carbon. Takelage in Dyform. Rollvorrichtung von Bartels unter Deck. Rodkicker in Carbon mit Gasdruckfeder. Selbstwendefock und Traveller. Gro\u00dfsegel ausgestellt mit einem Reff. Code 0 und Gennaker am ausfahrbaren Bugspriet.<\/p>\n<p><strong>Deck Hardware<\/strong><br \/>\nAlle Decksbeschl\u00e4ge einschlie\u00dflich Winden sind von Harken. Das Fabrikat der Klampen ist standardm\u00e4\u00dfig Nomen.<br \/>\nOption: Klampen nach Vorgaben des Kunden.<\/p>\n<p><strong>Engine<\/strong><br \/>\nEinbaumaschine Elektro oder Diesel.<\/p>\n<p><strong>Electrical Components<\/strong><br \/>\nVerbraucherbatterie 180 AH, Landanschluss, Batteriehauptschalter, Batterieladeger\u00e4t, Schaltpaneel f\u00fcr Bordelektrik mit Sicherungsautomaten, LED-Beleuchtung innen und au\u00dfen.\u00a0Weitere Optionen in Absprache mit dem Kunden.<\/p>\n<p><strong>Interior<\/strong><br \/>\nBulkheads and furniture are made of warm mahogany marine plywood. Cushions etc will be made custom.<\/p>\n<p><strong>V-Berth<\/strong><br \/>\nmit V-Koje f\u00fcr 2 Personen (L\u00e4nge 2,20 m), abgetrennt vom Salon und T\u00fcr<\/p>\n<p><strong>Salon<\/strong><br \/>\nSalon- bzw. Achterkojen als Sitz- und Liegefl\u00e4che \/ teilweise unter der Au\u00dfensitzbank (L\u00e4nge: 2,10 m) inkl. kleiner Pantry und Carbon Sp\u00fcle<\/p>\n<p><strong>Toilette\/Bad<\/strong><br \/>\nDer WC-Raum ist mit einer Marine Toilette, einem Waschbecken und einem Druckwassersystem ausgestattet. Der Frischwassertank fasst ca. 80 l.<\/p>\n<hr \/>\n<p><strong>Hull and Deck<\/strong><\/p>\n<p>Hull and deck are completely manufactured in cold molded wood with modern vacuum technology.\u00a0The inner layers are made of cedar or sipo. The outer veneers are produced with selected Khaya.\u00a0Teak is on deck area. The veneers are glued with top-quality epoxy resin.<\/p>\n<p><strong>Keel and Rudder<\/strong><\/p>\n<p>T-KEEL with lead bulb as fixed keel or lifting keel (from 2,10 m to 1,20 m, ballast 1,2 t).\u00a0Balanced rudder with Jefa rudder bearing and tiller steering.<\/p>\n<p><strong>Rig and Sails<\/strong><\/p>\n<p>Mast and main boom in Carbon. Rigging in Rod. Jib Furler below deck by Bartels. Rodkicker in Carbon with gas\u00a0pressure spring. Self-tacking jib with traveller. Mainsail with square head and two reefs. Code 0 and Gennaker at\u00a0retractable bowsprit.<\/p>\n<p><strong>Deck Fittings<\/strong><\/p>\n<p>All deck gear and winches from Harken. Clamps are made by Nomen as standard.<br \/>\nOption: clamps as per customer\u2019s specification.<\/p>\n<p><strong>Engine<\/strong><\/p>\n<p>Inboard Electric or Diesel<\/p>\n<p><strong>Electrical installations<\/strong><\/p>\n<p>Leisure battery 180 AH, shore connection, battery charger, battery switch, switch panel for the electrical systems\u00a0with automatic circuit breaker, LED lighting for outdoor and indoor areas.\u00a0Further options after agreement with the customer.<\/p>\n<p><strong>Interior design<\/strong><\/p>\n<p>Bulkheads and furniture are made of pleasant, appearing warm Mahogany marine plywood. Cushions in 10 cm thick foam material with leatherette cover.<\/p>\n<p><strong>Forecastle<\/strong><\/p>\n<p>V-bunk for 2 people (length 2,20 m), separated from Salon and door.<\/p>\n<p><strong>Salon<\/strong><\/p>\n<p>Salon bunk or rear bunk as seat and lying surface\/partially under the outside bench (length 2,10 m) incl. small pantry and sink (sink in Carbon).<\/p>\n<p><strong>Bath and Toilet<\/strong><\/p>\n<p>The rest room is equipped with a marine toilet, a washbasin and a pressure water system. The fresh water tank covers approx. 80l.<\/p>\n\n<\/div>\n<\/div>\n<\/section>\n\n<\/div>\n<\/p><\/div>","protected":false},"excerpt":{"rendered":"","protected":false},"author":1,"featured_media":0,"parent":41,"menu_order":0,"comment_status":"closed","ping_status":"closed","template":"","meta":[],"yoast_head":"<!-- This site is optimized with the Yoast SEO plugin v17.9 - https:\/\/yoast.com\/wordpress\/plugins\/seo\/ -->\r\n<title>Segelyacht LA 35 - LA Yacht- &amp; Bootsbau GmbH<\/title>\r\n<meta name=\"description\" content=\"Die Segelyacht LA 35 wird von LA Yacht und Bootsbau GmbH in verschiedenen Ausbauvarianten angeboten und gebaut.\" \/>\r\n<meta name=\"robots\" content=\"index, follow, max-snippet:-1, max-image-preview:large, max-video-preview:-1\" \/>\r\n<link rel=\"canonical\" href=\"https:\/\/www.la-yacht.de\/en\/sailing-yachts\/sailing-yacht-la-35\/\" \/>\r\n<meta property=\"og:locale\" content=\"en_US\" \/>\r\n<meta property=\"og:type\" content=\"article\" \/>\r\n<meta property=\"og:title\" content=\"Segelyacht LA 35 - LA Yacht- &amp; Bootsbau GmbH\" \/>\r\n<meta property=\"og:description\" content=\"Die Segelyacht LA 35 wird von LA Yacht und Bootsbau GmbH in verschiedenen Ausbauvarianten angeboten und gebaut.\" \/>\r\n<meta property=\"og:url\" content=\"https:\/\/www.la-yacht.de\/en\/sailing-yachts\/sailing-yacht-la-35\/\" \/>\r\n<meta property=\"og:site_name\" content=\"LA Yacht- &amp; Bootsbau GmbH\" \/>\r\n<meta property=\"article:modified_time\" content=\"2025-01-07T08:04:12+00:00\" \/>\r\n<meta name=\"twitter:card\" content=\"summary\" \/>\r\n<meta name=\"twitter:label1\" content=\"Est. reading time\" \/>\n\t<meta name=\"twitter:data1\" content=\"6 minutes\" \/>\r\n<script type=\"application\/ld+json\" class=\"yoast-schema-graph\">{\"@context\":\"https:\/\/schema.org\",\"@graph\":[{\"@type\":\"WebSite\",\"@id\":\"https:\/\/www.la-yacht.de\/#website\",\"url\":\"https:\/\/www.la-yacht.de\/\",\"name\":\"LA Yacht- &amp; Bootsbau GmbH\",\"description\":\"Ma\\u00dfgeschneiderte Yachten\",\"potentialAction\":[{\"@type\":\"SearchAction\",\"target\":{\"@type\":\"EntryPoint\",\"urlTemplate\":\"https:\/\/www.la-yacht.de\/?s={search_term_string}\"},\"query-input\":\"required name=search_term_string\"}],\"inLanguage\":\"en-US\"},{\"@type\":\"WebPage\",\"@id\":\"https:\/\/www.la-yacht.de\/segelyachten\/segelyacht-la-35\/#webpage\",\"url\":\"https:\/\/www.la-yacht.de\/segelyachten\/segelyacht-la-35\/\",\"name\":\"Segelyacht LA 35 - LA Yacht- &amp; Bootsbau GmbH\",\"isPartOf\":{\"@id\":\"https:\/\/www.la-yacht.de\/#website\"},\"datePublished\":\"2016-01-08T09:40:02+00:00\",\"dateModified\":\"2025-01-07T08:04:12+00:00\",\"description\":\"Die Segelyacht LA 35 wird von LA Yacht und Bootsbau GmbH in verschiedenen Ausbauvarianten angeboten und gebaut.\",\"breadcrumb\":{\"@id\":\"https:\/\/www.la-yacht.de\/segelyachten\/segelyacht-la-35\/#breadcrumb\"},\"inLanguage\":\"en-US\",\"potentialAction\":[{\"@type\":\"ReadAction\",\"target\":[\"https:\/\/www.la-yacht.de\/segelyachten\/segelyacht-la-35\/\"]}]},{\"@type\":\"BreadcrumbList\",\"@id\":\"https:\/\/www.la-yacht.de\/segelyachten\/segelyacht-la-35\/#breadcrumb\",\"itemListElement\":[{\"@type\":\"ListItem\",\"position\":1,\"name\":\"Startseite\",\"item\":\"https:\/\/www.la-yacht.de\/\"},{\"@type\":\"ListItem\",\"position\":2,\"name\":\"Segelyachten\",\"item\":\"https:\/\/www.la-yacht.de\/segelyachten\/\"},{\"@type\":\"ListItem\",\"position\":3,\"name\":\"Segelyacht LA 35\"}]}]}<\/script>\r\n<!-- \/ Yoast SEO plugin. -->","yoast_head_json":{"title":"Segelyacht LA 35 - LA Yacht- &amp; Bootsbau GmbH","description":"Die Segelyacht LA 35 wird von LA Yacht und Bootsbau GmbH in verschiedenen Ausbauvarianten angeboten und gebaut.","robots":{"index":"index","follow":"follow","max-snippet":"max-snippet:-1","max-image-preview":"max-image-preview:large","max-video-preview":"max-video-preview:-1"},"canonical":"https:\/\/www.la-yacht.de\/en\/sailing-yachts\/sailing-yacht-la-35\/","og_locale":"en_US","og_type":"article","og_title":"Segelyacht LA 35 - LA Yacht- &amp; Bootsbau GmbH","og_description":"Die Segelyacht LA 35 wird von LA Yacht und Bootsbau GmbH in verschiedenen Ausbauvarianten angeboten und gebaut.","og_url":"https:\/\/www.la-yacht.de\/en\/sailing-yachts\/sailing-yacht-la-35\/","og_site_name":"LA Yacht- &amp; Bootsbau GmbH","article_modified_time":"2025-01-07T08:04:12+00:00","twitter_card":"summary","twitter_misc":{"Est. reading time":"6 minutes"},"schema":{"@context":"https:\/\/schema.org","@graph":[{"@type":"WebSite","@id":"https:\/\/www.la-yacht.de\/#website","url":"https:\/\/www.la-yacht.de\/","name":"LA Yacht- &amp; Bootsbau GmbH","description":"Ma\u00dfgeschneiderte Yachten","potentialAction":[{"@type":"SearchAction","target":{"@type":"EntryPoint","urlTemplate":"https:\/\/www.la-yacht.de\/?s={search_term_string}"},"query-input":"required name=search_term_string"}],"inLanguage":"en-US"},{"@type":"WebPage","@id":"https:\/\/www.la-yacht.de\/segelyachten\/segelyacht-la-35\/#webpage","url":"https:\/\/www.la-yacht.de\/segelyachten\/segelyacht-la-35\/","name":"Segelyacht LA 35 - LA Yacht- &amp; Bootsbau GmbH","isPartOf":{"@id":"https:\/\/www.la-yacht.de\/#website"},"datePublished":"2016-01-08T09:40:02+00:00","dateModified":"2025-01-07T08:04:12+00:00","description":"Die Segelyacht LA 35 wird von LA Yacht und Bootsbau GmbH in verschiedenen Ausbauvarianten angeboten und gebaut.","breadcrumb":{"@id":"https:\/\/www.la-yacht.de\/segelyachten\/segelyacht-la-35\/#breadcrumb"},"inLanguage":"en-US","potentialAction":[{"@type":"ReadAction","target":["https:\/\/www.la-yacht.de\/segelyachten\/segelyacht-la-35\/"]}]},{"@type":"BreadcrumbList","@id":"https:\/\/www.la-yacht.de\/segelyachten\/segelyacht-la-35\/#breadcrumb","itemListElement":[{"@type":"ListItem","position":1,"name":"Startseite","item":"https:\/\/www.la-yacht.de\/"},{"@type":"ListItem","position":2,"name":"Segelyachten","item":"https:\/\/www.la-yacht.de\/segelyachten\/"},{"@type":"ListItem","position":3,"name":"Segelyacht LA 35"}]}]}},"_links":{"self":[{"href":"https:\/\/www.la-yacht.de\/en\/wp-json\/wp\/v2\/pages\/320"}],"collection":[{"href":"https:\/\/www.la-yacht.de\/en\/wp-json\/wp\/v2\/pages"}],"about":[{"href":"https:\/\/www.la-yacht.de\/en\/wp-json\/wp\/v2\/types\/page"}],"author":[{"embeddable":true,"href":"https:\/\/www.la-yacht.de\/en\/wp-json\/wp\/v2\/users\/1"}],"replies":[{"embeddable":true,"href":"https:\/\/www.la-yacht.de\/en\/wp-json\/wp\/v2\/comments?post=320"}],"version-history":[{"count":26,"href":"https:\/\/www.la-yacht.de\/en\/wp-json\/wp\/v2\/pages\/320\/revisions"}],"predecessor-version":[{"id":984,"href":"https:\/\/www.la-yacht.de\/en\/wp-json\/wp\/v2\/pages\/320\/revisions\/984"}],"up":[{"embeddable":true,"href":"https:\/\/www.la-yacht.de\/en\/wp-json\/wp\/v2\/pages\/41"}],"wp:attachment":[{"href":"https:\/\/www.la-yacht.de\/en\/wp-json\/wp\/v2\/media?parent=320"}],"curies":[{"name":"wp","href":"https:\/\/api.w.org\/{rel}","templated":true}]}}